{"id":190,"date":"2017-10-19T08:33:27","date_gmt":"2017-10-19T08:33:27","guid":{"rendered":"http:\/\/bousquet.expert\/?page_id=190"},"modified":"2019-06-13T15:55:22","modified_gmt":"2019-06-13T15:55:22","slug":"actualites","status":"publish","type":"page","link":"http:\/\/bousquet.expert\/index.php\/actualites\/","title":{"rendered":"ACTUS"},"content":{"rendered":"<header id=\"masthead\" class=\"site-header\" role=\"banner\">\n<div class=\"section clear\">\n<header class=\"entry-header\"><\/header>\n<div class=\"entry-content\">\n<p><strong>Un amendement adopt\u00e9 interdit les passoires thermiques \u00e0 la location<\/strong><\/p>\n<p>Florent Lacas, le 13\/06\/2019 \u00e0 08:13<\/p>\n<p>Habitat indigne logements \u00a9 F.L. pour Batiactu<\/p>\n<p><strong>L\u00c9GISLATIF. Le projet de loi pour l&rsquo;\u00e9nergie et le climat doit passer en premi\u00e8re lecture \u00e0 l&rsquo;Assembl\u00e9e nationale le 25 juin prochain. Il s&rsquo;est d&rsquo;ores et d\u00e9j\u00e0 enrichi d&rsquo;amendements adopt\u00e9s en commission du d\u00e9veloppement durable et de l&rsquo;am\u00e9nagement du territoire. D\u00e9tails avec Marjolaine Meynier-Millefert, d\u00e9put\u00e9e et copilote du <a href=\"https:\/\/www.batiactu.com\/tag\/plan-de-renovation\">plan de r\u00e9novation<\/a> \u00e9nerg\u00e9tique des b\u00e2timents.<\/strong><\/p>\n<p>Dans le cadre des discussions concernant le projet de loi \u00e9nergie, un <a href=\"http:\/\/www.assemblee-nationale.fr\/dyn\/15\/amendements\/1908\/CION-DVP\/CD151\">amendement adopt\u00e9 en commission du d\u00e9veloppement durable et de l&rsquo;am\u00e9nagement du territoire<\/a> pr\u00e9voit d&rsquo;interdire \u00e0 la location les \u00ab\u00a0passoires thermiques\u00a0\u00bb (logements disposant d&rsquo;un <a href=\"https:\/\/www.baticopro.com\/guides\/le-diagnostic-de-performance-energetique.html\">diagnostic de performance \u00e9nerg\u00e9tique<\/a> F ou G) en 2025 pour les zones tendues et en 2028 pour les zones d\u00e9tendues. Ce texte doit \u00e0 pr\u00e9sent passer l&rsquo;\u00e9tape de la commission des affaires \u00e9conomiques, le projet de loi devant commencer \u00e0 \u00eatre discut\u00e9 en s\u00e9ance publique le 25 juin 2019. La d\u00e9put\u00e9e Marjolaine Meynier-Millefert, copilote du plan de r\u00e9novation \u00e9nerg\u00e9tique des b\u00e2timents, se dit <em>\u00ab\u00a0confiante\u00a0\u00bb<\/em> aupr\u00e8s de <em>Batiactu<\/em>.<\/p>\n<p>&nbsp;<strong>Des mesures d&rsquo;accompagnement<\/strong><\/p>\n<p>&nbsp;Pourquoi ces deux dates, 2025 et 2028&nbsp;? Il s&rsquo;agit d&rsquo;un compromis permettant de respecter les engagements d\u00e9j\u00e0 pris, \u00e0 savoir 2025 pour la <a href=\"https:\/\/www.baticopro.com\/guides\/la-loi-de-transition-energetique.html\">loi de transition \u00e9nerg\u00e9tique<\/a> de 2015, et 2017 pour l&rsquo;engagement du candidat <a href=\"https:\/\/www.batiactu.com\/tag\/emmanuel-macron\">Emmanuel Macron<\/a> d&rsquo;\u00e9radiquer les passoires thermiques en dix ans. <em>\u00ab\u00a0Nous ne prenons pas ce genre de dispositions \u00e0 l&rsquo;aveugle&nbsp;: nous \u00e9tablirons un grand nombre de mesures d&rsquo;accompagnement\u00a0\u00bb<\/em>, explique \u00e0 <em>Batiactu<\/em> Marjolaine Meynier-Millefert. L&rsquo;id\u00e9e est de prendre les points de blocage les uns apr\u00e8s les autres, dont par exemple celui de garantir les aides telles qu&rsquo;elles existent \u00e0 l&rsquo;instant t lors du vote de travaux en assembl\u00e9e g\u00e9n\u00e9rale de copropri\u00e9taires ; ou d&rsquo;accompagner les m\u00e9nages propri\u00e9taires les plus modestes.<\/p>\n<p>&nbsp;&nbsp;<em>\u00ab\u00a0Il y a aussi le probl\u00e8me de voir des projets bloqu\u00e9s par une minorit\u00e9 de copropri\u00e9taires. Pourquoi ne pas instaurer un dispositif de type &lsquo;qui ne dit mot consent&rsquo; pour inverser le rapport de force&nbsp;?\u00a0\u00bb<\/em>, questionne la d\u00e9put\u00e9e. Qui estime en tout cas que cet objectif d&rsquo;interdiction de passoires thermiques \u00e0 la location pourrait se faire, malgr\u00e9 les difficult\u00e9s. <em>\u00ab\u00a0Nombreux sont ceux qui disent que c&rsquo;est impossible, et pourtant je vous garantis qu&rsquo;on y arrivera, ou du moins que l&rsquo;on avancera consid\u00e9rablement. Regardons ce qu&rsquo;il se passe avec l&rsquo;opposabilit\u00e9 du DPE&nbsp;: maintenant qu&rsquo;on l&rsquo;a inscrite dans la loi, tout le monde se met autour de la table et on trouve des solutions.\u00a0\u00bb<\/em><\/p>\n<p>&nbsp;<strong>Une feuille de route pour le plan de r\u00e9novation<\/strong><\/p>\n<p>&nbsp;<a href=\"http:\/\/www.assemblee-nationale.fr\/dyn\/15\/amendements\/1908\/CION-DVP\/CD122\">Autre amendement adopt\u00e9 en commission<\/a>&nbsp;: le plan de r\u00e9novation \u00e9nerg\u00e9tique des b\u00e2timents serait rattach\u00e9 \u00e0 la programmation pluriannuelle de l&rsquo;\u00e9nergie, sous la forme d&rsquo;une feuille de route. <em>\u00ab\u00a0Un outil de suivi du plan serait mis en place, avec une analyse des chiffres pour \u00e9valuer son \u00e9tat d&rsquo;avancement\u00a0\u00bb<\/em>, explique la d\u00e9put\u00e9e. <em>\u00ab\u00a0En parall\u00e8le de cet amendement, j&rsquo;ai demand\u00e9 \u00e0 ce que pour la PPE en cours, un groupe d&rsquo;\u00e9tudes soit install\u00e9 \u00e0 l&rsquo;Assembl\u00e9e nationale pour suivre l&rsquo;atteinte des objectifs du plan. Nombre de mes coll\u00e8gues d\u00e9put\u00e9s ont de bonnes id\u00e9es, et il s&rsquo;agit de les inclure dans la r\u00e9flexion. Par ailleurs, cela entrerait tout \u00e0 fait dans le r\u00f4le de contr\u00f4le de l&rsquo;ex\u00e9cutif par le Parlement.\u00a0\u00bb<\/em> Une demande qui sera faite au pr\u00e9sident de l&rsquo;Assembl\u00e9e nationale.<\/p>\n<p>&nbsp;<em>\u00ab\u00a0Un locataire d&rsquo;une passoire thermique pourrait exiger des travaux \u00e0 son propri\u00e9taire\u00a0\u00bb<\/em><\/p>\n<p>&nbsp;La copilote du plan de r\u00e9novation \u00e9nerg\u00e9tique des b\u00e2timents envisage \u00e9galement l&rsquo;id\u00e9e de faire entrer dans le crit\u00e8re de la d\u00e9cence les passoires thermiques. <em>\u00ab\u00a0Elles sont ind\u00e9centes pour la plan\u00e8te\u00a0\u00bb<\/em>, explique Marjolaine Meynier-Millefert. <em>\u00ab\u00a0Un locataire d&rsquo;une passoire thermique pourrait ainsi exiger des travaux \u00e0 son propri\u00e9taire, et le droit serait de son c\u00f4t\u00e9. Les petits propri\u00e9taires seraient accompagn\u00e9s \u00e9galement, car ils ne souhaitent pas louer des passoires thermiques.\u00a0\u00bb<\/em><\/p>\n<p>&nbsp;Autre id\u00e9e avanc\u00e9e&nbsp;: lors de la vente d&rsquo;une passoire thermique, consigner chez le <a href=\"https:\/\/www.batiactu.com\/tag\/notaire\">notaire<\/a> 5% du montant de la vente pour financer des travaux de r\u00e9novation \u00e9nerg\u00e9tique. Autant de mesures qui pourraient bien tomber au bon moment, alors que le Gouvernement a d\u00e9cid\u00e9, du fait notamment des r\u00e9sultats des derni\u00e8res \u00e9lections europ\u00e9ennes, <a href=\"https:\/\/www.batiactu.com\/edito\/edouard-philippe-annonce-remise-a-plat-totale-aides-56664.php\">d&rsquo;acc\u00e9l\u00e9rer sur le d\u00e9veloppement durable<\/a>.<\/p>\n<\/div>\n<\/div>\n<\/header>\n<div id=\"main\" class=\"site-main\">\n<div id=\"primary\" class=\"content-area\">\n<div id=\"content\" class=\"site-content\" role=\"main\">\n<article id=\"post-2501\" class=\"post-2501 post type-post status-publish format-standard has-post-thumbnail hentry category-actualite tag-do\">\n<div>\n<div class=\"entry-content\">\n<div class=\"share-container\">\n<div class=\"body-container\">\n<div class=\"froala-view body\">&nbsp;<\/div>\n<div class=\"froala-view body\">\n<div class=\"text\">\n<p>&nbsp;<\/p>\n<\/div>\n<\/div>\n<\/div>\n<\/div>\n<\/div>\n<\/div>\n<\/article>\n<\/div>\n<\/div>\n<\/div>\n","protected":false},"excerpt":{"rendered":"<div class=\"slide-text-bg2\"><span>Un amendement adopt\u00e9 interdit les passoires thermiques \u00e0 la location Florent Lacas, le 13\/06\/2019 \u00e0 08:13 Habitat indigne logements \u00a9 F.L. pour Batiact<\/span><\/div>\n<div class=\"slide-btn-area-sm\"><a href=\"http:\/\/bousquet.expert\/index.php\/actualites\/\" class=\"slide-btn-sm\">Lire la suite<\/a><\/div>\n","protected":false},"author":1,"featured_media":0,"parent":0,"menu_order":0,"comment_status":"closed","ping_status":"closed","template":"","meta":{"_mi_skip_tracking":false,"ngg_post_thumbnail":0,"spay_email":""},"yoast_head":"<!-- This site is optimized with the Yoast SEO plugin v18.4.1 - https:\/\/yoast.com\/wordpress\/plugins\/seo\/ -->\n<title>ACTUS &raquo; BOUSQUET EXPERTISE BATIMENT<\/title>\n<meta name=\"robots\" content=\"index, follow, max-snippet:-1, max-image-preview:large, max-video-preview:-1\" \/>\n<link rel=\"canonical\" href=\"http:\/\/bousquet.expert\/index.php\/actualites\/\" \/>\n<meta property=\"og:locale\" content=\"fr_FR\" \/>\n<meta property=\"og:type\" content=\"article\" \/>\n<meta property=\"og:title\" content=\"ACTUS &raquo; BOUSQUET EXPERTISE BATIMENT\" \/>\n<meta property=\"og:description\" content=\"Un amendement adopt\u00e9 interdit les passoires thermiques \u00e0 la location Florent Lacas, le 13\/06\/2019 \u00e0 08:13 Habitat indigne logements \u00a9 F.L. pour BatiactLire la suite\" \/>\n<meta property=\"og:url\" content=\"http:\/\/bousquet.expert\/index.php\/actualites\/\" \/>\n<meta property=\"og:site_name\" content=\"BOUSQUET EXPERTISE BATIMENT\" \/>\n<meta property=\"article:publisher\" content=\"https:\/\/www.facebook.com\/BousquetExpertiseBergerac\/\" \/>\n<meta property=\"article:modified_time\" content=\"2019-06-13T15:55:22+00:00\" \/>\n<meta name=\"twitter:card\" content=\"summary_large_image\" \/>\n<meta name=\"twitter:label1\" content=\"Dur\u00e9e de lecture estim\u00e9e\" \/>\n\t<meta name=\"twitter:data1\" content=\"4 minutes\" \/>\n<script type=\"application\/ld+json\" class=\"yoast-schema-graph\">{\"@context\":\"https:\/\/schema.org\",\"@graph\":[{\"@type\":\"Organization\",\"@id\":\"http:\/\/bousquet.expert\/#organization\",\"name\":\"BOUSQUET EXPERTISE\",\"url\":\"http:\/\/bousquet.expert\/\",\"sameAs\":[\"https:\/\/www.facebook.com\/BousquetExpertiseBergerac\/\",\"https:\/\/www.linkedin.com\/in\/bousquet-expertise-bousquet-826375124\/\"],\"logo\":{\"@type\":\"ImageObject\",\"@id\":\"http:\/\/bousquet.expert\/#logo\",\"inLanguage\":\"fr-FR\",\"url\":\"http:\/\/bousquet.expert\/wp-content\/uploads\/2017\/07\/cropped-70e76d_cf9e7961eb854c03abfdac575d75ff99-mv2-1.png\",\"contentUrl\":\"http:\/\/bousquet.expert\/wp-content\/uploads\/2017\/07\/cropped-70e76d_cf9e7961eb854c03abfdac575d75ff99-mv2-1.png\",\"width\":240,\"height\":308,\"caption\":\"BOUSQUET EXPERTISE\"},\"image\":{\"@id\":\"http:\/\/bousquet.expert\/#logo\"}},{\"@type\":\"WebSite\",\"@id\":\"http:\/\/bousquet.expert\/#website\",\"url\":\"http:\/\/bousquet.expert\/\",\"name\":\"BOUSQUET EXPERTISE B\u00e2timent\",\"description\":\"Ing\u00e9nieur g\u00e9nie-civil, maintenance, s\u00e9curit\u00e9 incendie. Expert technique b\u00e2timent Dordogne - Bergerac - Bordeaux - Gironde - Lot Et Garonne - Corr\u00e8ze - Lot - Pau - Nouvelle Aquitiane\",\"publisher\":{\"@id\":\"http:\/\/bousquet.expert\/#organization\"},\"potentialAction\":[{\"@type\":\"SearchAction\",\"target\":{\"@type\":\"EntryPoint\",\"urlTemplate\":\"http:\/\/bousquet.expert\/?s={search_term_string}\"},\"query-input\":\"required name=search_term_string\"}],\"inLanguage\":\"fr-FR\"},{\"@type\":\"WebPage\",\"@id\":\"http:\/\/bousquet.expert\/index.php\/actualites\/#webpage\",\"url\":\"http:\/\/bousquet.expert\/index.php\/actualites\/\",\"name\":\"ACTUS &raquo; BOUSQUET EXPERTISE BATIMENT\",\"isPartOf\":{\"@id\":\"http:\/\/bousquet.expert\/#website\"},\"datePublished\":\"2017-10-19T08:33:27+00:00\",\"dateModified\":\"2019-06-13T15:55:22+00:00\",\"breadcrumb\":{\"@id\":\"http:\/\/bousquet.expert\/index.php\/actualites\/#breadcrumb\"},\"inLanguage\":\"fr-FR\",\"potentialAction\":[{\"@type\":\"ReadAction\",\"target\":[\"http:\/\/bousquet.expert\/index.php\/actualites\/\"]}]},{\"@type\":\"BreadcrumbList\",\"@id\":\"http:\/\/bousquet.expert\/index.php\/actualites\/#breadcrumb\",\"itemListElement\":[{\"@type\":\"ListItem\",\"position\":1,\"name\":\"Accueil\",\"item\":\"http:\/\/bousquet.expert\/\"},{\"@type\":\"ListItem\",\"position\":2,\"name\":\"ACTUS\"}]}]}<\/script>\n<!-- \/ Yoast SEO plugin. -->","yoast_head_json":{"title":"ACTUS &raquo; BOUSQUET EXPERTISE BATIMENT","robots":{"index":"index","follow":"follow","max-snippet":"max-snippet:-1","max-image-preview":"max-image-preview:large","max-video-preview":"max-video-preview:-1"},"canonical":"http:\/\/bousquet.expert\/index.php\/actualites\/","og_locale":"fr_FR","og_type":"article","og_title":"ACTUS &raquo; BOUSQUET EXPERTISE BATIMENT","og_description":"Un amendement adopt\u00e9 interdit les passoires thermiques \u00e0 la location Florent Lacas, le 13\/06\/2019 \u00e0 08:13 Habitat indigne logements \u00a9 F.L. pour BatiactLire la suite","og_url":"http:\/\/bousquet.expert\/index.php\/actualites\/","og_site_name":"BOUSQUET EXPERTISE BATIMENT","article_publisher":"https:\/\/www.facebook.com\/BousquetExpertiseBergerac\/","article_modified_time":"2019-06-13T15:55:22+00:00","twitter_card":"summary_large_image","twitter_misc":{"Dur\u00e9e de lecture estim\u00e9e":"4 minutes"},"schema":{"@context":"https:\/\/schema.org","@graph":[{"@type":"Organization","@id":"http:\/\/bousquet.expert\/#organization","name":"BOUSQUET EXPERTISE","url":"http:\/\/bousquet.expert\/","sameAs":["https:\/\/www.facebook.com\/BousquetExpertiseBergerac\/","https:\/\/www.linkedin.com\/in\/bousquet-expertise-bousquet-826375124\/"],"logo":{"@type":"ImageObject","@id":"http:\/\/bousquet.expert\/#logo","inLanguage":"fr-FR","url":"http:\/\/bousquet.expert\/wp-content\/uploads\/2017\/07\/cropped-70e76d_cf9e7961eb854c03abfdac575d75ff99-mv2-1.png","contentUrl":"http:\/\/bousquet.expert\/wp-content\/uploads\/2017\/07\/cropped-70e76d_cf9e7961eb854c03abfdac575d75ff99-mv2-1.png","width":240,"height":308,"caption":"BOUSQUET EXPERTISE"},"image":{"@id":"http:\/\/bousquet.expert\/#logo"}},{"@type":"WebSite","@id":"http:\/\/bousquet.expert\/#website","url":"http:\/\/bousquet.expert\/","name":"BOUSQUET EXPERTISE B\u00e2timent","description":"Ing\u00e9nieur g\u00e9nie-civil, maintenance, s\u00e9curit\u00e9 incendie. Expert technique b\u00e2timent Dordogne - Bergerac - Bordeaux - Gironde - Lot Et Garonne - Corr\u00e8ze - Lot - Pau - Nouvelle Aquitiane","publisher":{"@id":"http:\/\/bousquet.expert\/#organization"},"potentialAction":[{"@type":"SearchAction","target":{"@type":"EntryPoint","urlTemplate":"http:\/\/bousquet.expert\/?s={search_term_string}"},"query-input":"required name=search_term_string"}],"inLanguage":"fr-FR"},{"@type":"WebPage","@id":"http:\/\/bousquet.expert\/index.php\/actualites\/#webpage","url":"http:\/\/bousquet.expert\/index.php\/actualites\/","name":"ACTUS &raquo; BOUSQUET EXPERTISE BATIMENT","isPartOf":{"@id":"http:\/\/bousquet.expert\/#website"},"datePublished":"2017-10-19T08:33:27+00:00","dateModified":"2019-06-13T15:55:22+00:00","breadcrumb":{"@id":"http:\/\/bousquet.expert\/index.php\/actualites\/#breadcrumb"},"inLanguage":"fr-FR","potentialAction":[{"@type":"ReadAction","target":["http:\/\/bousquet.expert\/index.php\/actualites\/"]}]},{"@type":"BreadcrumbList","@id":"http:\/\/bousquet.expert\/index.php\/actualites\/#breadcrumb","itemListElement":[{"@type":"ListItem","position":1,"name":"Accueil","item":"http:\/\/bousquet.expert\/"},{"@type":"ListItem","position":2,"name":"ACTUS"}]}]}},"_links":{"self":[{"href":"http:\/\/bousquet.expert\/index.php\/wp-json\/wp\/v2\/pages\/190"}],"collection":[{"href":"http:\/\/bousquet.expert\/index.php\/wp-json\/wp\/v2\/pages"}],"about":[{"href":"http:\/\/bousquet.expert\/index.php\/wp-json\/wp\/v2\/types\/page"}],"author":[{"embeddable":true,"href":"http:\/\/bousquet.expert\/index.php\/wp-json\/wp\/v2\/users\/1"}],"replies":[{"embeddable":true,"href":"http:\/\/bousquet.expert\/index.php\/wp-json\/wp\/v2\/comments?post=190"}],"version-history":[{"count":15,"href":"http:\/\/bousquet.expert\/index.php\/wp-json\/wp\/v2\/pages\/190\/revisions"}],"predecessor-version":[{"id":438,"href":"http:\/\/bousquet.expert\/index.php\/wp-json\/wp\/v2\/pages\/190\/revisions\/438"}],"wp:attachment":[{"href":"http:\/\/bousquet.expert\/index.php\/wp-json\/wp\/v2\/media?parent=190"}],"curies":[{"name":"wp","href":"https:\/\/api.w.org\/{rel}","templated":true}]}}